{"id":523,"date":"2016-07-14T12:42:29","date_gmt":"2016-07-14T10:42:29","guid":{"rendered":"https:\/\/aeee.es\/xxi_congreso_aeee\/?page_id=523"},"modified":"2026-04-07T17:04:27","modified_gmt":"2026-04-07T15:04:27","slug":"call-for-papers","status":"publish","type":"page","link":"https:\/\/aeee.es\/xxi_congreso_aeee\/call-for-papers\/","title":{"rendered":"Call for Papers"},"content":{"rendered":"<div class=\"ui-row row\">\n <div   class=\"ui-column span8\"><div class=\"text-left\"><div  class=\"ui--space clearfix\" style=\"height: 15px;\" data-responsive=\"{&quot;css&quot;:{&quot;height&quot;:{&quot;phone&quot;:null,&quot;tablet&quot;:null,&quot;widescreen&quot;:&quot;15px&quot;}}}\"><\/div><h2 id=\"custom-title-h2-1\" class=\"ui--animation \" style=\"\"><strong>Desarrollo energ\u00e9tico sostenible: implicaciones socioecon\u00f3micas, medioambientales y geopol\u00edticas<\/strong><\/h2><h3 id=\"custom-title-h3-1\" class=\"ui--animation \" style=\"\"><strong>Pamplona, 27-29 de mayo de 2026<\/strong><\/h3><div  class=\"ui--space clearfix\" style=\"height: 15px;\" data-responsive=\"{&quot;css&quot;:{&quot;height&quot;:{&quot;phone&quot;:null,&quot;tablet&quot;:null,&quot;widescreen&quot;:&quot;15px&quot;}}}\"><\/div><div class=\"auto-format ui--animation\"><p>La Asociaci\u00f3n Espa\u00f1ola para la Econom\u00eda Energ\u00e9tica (AEEE) tiene el placer de anunciar la celebraci\u00f3n del XXI Congreso Anual, que tendr\u00e1 lugar los d\u00edas 27, 28 y 29 de mayo de 2026 en Pamplona (Navarra). El Congreso est\u00e1 co-organizado por la Universidad de Navarra y la Universidad P\u00fablica de Navarra (UPNA) y constituye el principal encuentro acad\u00e9mico y profesional en Econom\u00eda de la Energ\u00eda en Espa\u00f1a.<\/p>\n<p>El Congreso se celebrar\u00e1 bajo el lema \u201cDesarrollo energ\u00e9tico sostenible: implicaciones socioecon\u00f3micas, medioambientales y geopol\u00edticas\u201d y tiene como objetivo reforzar el di\u00e1logo entre la academia, los reguladores y el sector empresarial, promoviendo el an\u00e1lisis riguroso de los retos actuales de la transici\u00f3n energ\u00e9tica desde una perspectiva econ\u00f3mica, regulatoria y social.<\/p>\n<p>El programa contar\u00e1 con conferencias plenarias, mesas redondas y sesiones paralelas, con la participaci\u00f3n de representantes del \u00e1mbito acad\u00e9mico, institucional, empresarial y social de primer nivel. Entre los keynote speakers confirmados se encuentran Monica Giulietti (University of Nottingham) y Peter R. Hartley (Rice University).<\/p>\n<p>Existen dos modalidades de participaci\u00f3n en el Congreso: Comunicaciones y Exposici\u00f3n de proyectos de investigaci\u00f3n. Todos los env\u00edos deber\u00e1n realizarse a trav\u00e9s de la plataforma de trabajos de la p\u00e1gina web del Congreso. El plazo de env\u00edo de trabajos estar\u00e1 abierto del 16 de enero al 4 de marzo de 2026, con notificaci\u00f3n de aceptaci\u00f3n prevista para el 4 de abril de 2026. El \u00faltimo d\u00eda de inscripci\u00f3n ser\u00e1 el 6 de mayo de 2026.<\/p>\n<p>Toda la informaci\u00f3n actualizada podr\u00e1 consultarse en la web del Congreso. Para cualquier consulta, se ha habilitado el correo electr\u00f3nico <a href=\"mailto:aeee2026@unav.es \" target=\"_blank\">aeee2026@unav.es<\/a> <\/p>\n<\/div><h3 id=\"custom-title-h3-2\" class=\"ui--animation \" style=\"\"><strong>a) Comunicaciones:<\/strong><\/h3><div class=\"auto-format ui--animation\"><p>El Comit\u00e9 Cient\u00edfico y el Comit\u00e9 Organizador invitan a los investigadores e investigadoras en el \u00e1rea de Econom\u00eda de la Energ\u00eda a que env\u00eden sus trabajos originales (te\u00f3ricos y\/o emp\u00edricos) al XX Congreso de la AEEE. <\/p>\n<p>Se deber\u00e1 enviar el trabajo completo o una versi\u00f3n sint\u00e9tica del mismo (con la misma estructura y una extensi\u00f3n no inferior a 700 palabras). Posteriormente, y tras su evaluaci\u00f3n, se comunicar\u00e1n aquellos trabajos seleccionados para su presentaci\u00f3n en las sesiones paralelas del congreso. En el momento de la inscripci\u00f3n al congreso se proceder\u00e1 al alta en la Asociaci\u00f3n, ya que es requisito para la presentaci\u00f3n de trabajos ser socio\/a de la misma. <\/p>\n<p>Cada comunicaci\u00f3n aceptada deber\u00e1 ser defendida por uno de los autores. El env\u00edo se realizar\u00e1 a trav\u00e9s de la plataforma de comunicaciones.<br \/>\nLas comunicaciones presentadas deben respetar un formato est\u00e1ndar que incluya una introducci\u00f3n, metodolog\u00eda, resultados y conclusiones. En la primera p\u00e1gina deber\u00e1 constar la siguiente informaci\u00f3n: nombre, filiaci\u00f3n y direcci\u00f3n de correo electr\u00f3nico del autor y los coautores, t\u00edtulo del trabajo, resumen de no m\u00e1s de 100 palabras, 3 c\u00f3digos JEL, y un m\u00e1ximo de 5 palabras clave. Constar\u00e1 de un \u00fanico fichero en formato PDF, con un tama\u00f1o m\u00e1ximo de 2MB.  <\/p>\n<p>Los trabajos estar\u00e1n sujetos a proceso de evaluaci\u00f3n por parte del Comit\u00e9 Cient\u00edfico. La decisi\u00f3n ser\u00e1 comunicada al autor de contacto. <\/p>\n<\/div><h3 id=\"custom-title-h3-3\" class=\"ui--animation \" style=\"\"><strong>Selecci\u00f3n de trabajos para \u201cPapeles de Energ\u00eda\u201d<\/strong><\/h3><div class=\"auto-format ui--animation\"><p>La revista \u201cPapeles de Energ\u00eda\u201d, editada por FUNCAS, tiene como objetivo contribuir a la divulgaci\u00f3n entre los sectores no acad\u00e9micos de la sociedad de los principales retos y soluciones para la transici\u00f3n energ\u00e9tica, tanto en Espa\u00f1a como a nivel global. Con motivo de la celebraci\u00f3n del congreso anual de la AEEE, \u201cPapeles de Energ\u00eda\u201d convoca un n\u00famero especial que estar\u00e1 compuesto de tres trabajos seleccionados por el editor de la revista. Estos deber\u00e1n analizar, de forma divulgativa a la vez que rigurosa, aspectos relacionados con la transici\u00f3n energ\u00e9tica. Cada uno de estos trabajos recibir\u00e1 300 euros brutos por su contribuci\u00f3n a la revista. Asimismo, los autores deber\u00e1n estar abiertos a realizar las modificaciones de redacci\u00f3n (siempre menores) que les indique el editor de la revista.<\/p>\n<p>Para participar en la selecci\u00f3n de trabajos, ser\u00e1 necesario hacer constar esta intenci\u00f3n al formalizar la inscripci\u00f3n al congreso. <\/p>\n<\/div><h3 id=\"custom-title-h3-4\" class=\"ui--animation \" style=\"\"><strong>b) Exposici\u00f3n de proyectos de investigaci\u00f3n:<\/strong><\/h3><div class=\"auto-format ui--animation\"><p>Si est\u00e1s participando en un Proyecto de Investigaci\u00f3n relacionado con la tem\u00e1tica del congreso y quieres exponer sus resultados o simplemente explicar qu\u00e9 es lo que investiga tu grupo y c\u00f3mo lo est\u00e1is haciendo, o buscar posibles colaboraciones, puedes solicitar presentar este proyecto en la Sesi\u00f3n sobre proyectos de investigaci\u00f3n.<\/p>\n<p>Para ello, tienes que enviar una p\u00e1gina con los siguientes datos: nombre del Proyecto, entidad financiadora, Coordinador\/a-Investigador\/a Principal del mismo, filiaci\u00f3n, direcci\u00f3n de correo de quien lo env\u00eda, y un resumen -de no m\u00e1s de 500 palabras- describiendo el proyecto, as\u00ed como la posibilidad de contar con posibles colaboraciones de otros investigadores. El env\u00edo constar\u00e1 de un \u00fanico fichero en formato PDF. <\/p>\n<p>Las propuestas estar\u00e1n sujetas a proceso de evaluaci\u00f3n por parte del Comit\u00e9 Cient\u00edfico. Para presentar en esta sesi\u00f3n, es necesario registrarse como participante en el Congreso.<\/p>\n<p>Se insta a los participantes a presentar el proyecto, destacando sus principales objetivos y fases de desarrollo.  <\/p>\n<\/div><h3 id=\"custom-title-h3-5\" class=\"ui--animation \" style=\"\"><strong>Premios Red El\u00e9ctrica a j\u00f3venes investigadores:<\/strong> <\/h3><div class=\"auto-format ui--animation\"><p>Con el prop\u00f3sito de fomentar la participaci\u00f3n de j\u00f3venes investigadores, podr\u00e1n optar a estos Premios los autores con edad igual o inferior a 35 a\u00f1os a fecha de 31 de diciembre de 2026 (los coautores no est\u00e1n sujetos a los requisitos de edad). No podr\u00e1n concurrir los ganadores del Premio Especial Red El\u00e9ctrica de ediciones pasadas.<\/p>\n<p>Los participantes deber\u00e1n presentar un trabajo original en el Congreso y ser socios de la AEEE. Se valorar\u00e1 positivamente que se figure como autor \u00fanico. El Comit\u00e9 Cient\u00edfico ser\u00e1 el responsable del fallo, y valorar\u00e1 los trabajos seg\u00fan criterios de calidad y relevancia dentro del campo de la Econom\u00eda de la Energ\u00eda. Para participar en los Premios, ser\u00e1 necesario hacer constar esta intenci\u00f3n al formular la inscripci\u00f3n al congreso. <\/p>\n<p>Los Premios consisten en un \u201cPremio Especial Red El\u00e9ctrica\u201d (1.000 \u20ac brutos), dos acc\u00e9sits (500 \u20ac brutos cada uno) y tres bolsas de viaje para acudir al Congreso (300\u20ac brutos cada una) a personas distintas. A estas cantidades brutas se les restar\u00e1 un 19% en concepto de retenci\u00f3n IRPF. Si ninguna de las propuestas alcanzara la calidad requerida por el Comit\u00e9, entonces los Premios podr\u00e1n declararse desiertos.<\/p>\n<\/div><h3 id=\"custom-title-h3-6\" class=\"ui--animation \" style=\"\"><strong>Plataforma de trabajos<\/strong> <\/h3><div  class=\"ui--space clearfix\" style=\"height: 15px;\" data-responsive=\"{&quot;css&quot;:{&quot;height&quot;:{&quot;phone&quot;:null,&quot;tablet&quot;:null,&quot;widescreen&quot;:&quot;15px&quot;}}}\"><\/div>\n<div class=\"wpcf7 no-js\" id=\"wpcf7-f1777-o1\" lang=\"es-ES\" dir=\"ltr\" data-wpcf7-id=\"1777\">\n<div class=\"screen-reader-response\"><p role=\"status\" aria-live=\"polite\" aria-atomic=\"true\"><\/p> <ul><\/ul><\/div>\n<form action=\"\/xxi_congreso_aeee\/wp-json\/wp\/v2\/pages\/523#wpcf7-f1777-o1\" method=\"post\" class=\"wpcf7-form init\" aria-label=\"Formulario de contacto\" enctype=\"multipart\/form-data\" novalidate=\"novalidate\" data-status=\"init\">\n<fieldset class=\"hidden-fields-container\"><input type=\"hidden\" name=\"_wpcf7\" value=\"1777\" \/><input type=\"hidden\" name=\"_wpcf7_version\" value=\"6.1.5\" \/><input type=\"hidden\" name=\"_wpcf7_locale\" value=\"es_ES\" \/><input type=\"hidden\" name=\"_wpcf7_unit_tag\" value=\"wpcf7-f1777-o1\" \/><input type=\"hidden\" name=\"_wpcf7_container_post\" value=\"0\" \/><input type=\"hidden\" name=\"_wpcf7_posted_data_hash\" value=\"\" \/><input type=\"hidden\" name=\"_wpcf7cf_hidden_group_fields\" value=\"[]\" \/><input type=\"hidden\" name=\"_wpcf7cf_hidden_groups\" value=\"[]\" \/><input type=\"hidden\" name=\"_wpcf7cf_visible_groups\" value=\"[]\" \/><input type=\"hidden\" name=\"_wpcf7cf_repeaters\" value=\"[]\" \/><input type=\"hidden\" name=\"_wpcf7cf_steps\" value=\"{}\" \/><input type=\"hidden\" name=\"_wpcf7cf_options\" value=\"{&quot;form_id&quot;:1777,&quot;conditions&quot;:[],&quot;settings&quot;:{&quot;animation&quot;:&quot;yes&quot;,&quot;animation_intime&quot;:200,&quot;animation_outtime&quot;:200,&quot;conditions_ui&quot;:&quot;normal&quot;,&quot;notice_dismissed&quot;:false}}\" \/>\n<\/fieldset>\n<p>Nombre*\n<\/p>\n<p><span class=\"wpcf7-form-control-wrap\" data-name=\"your-name\"><input size=\"40\" maxlength=\"400\" class=\"wpcf7-form-control wpcf7-text wpcf7-validates-as-required\" aria-required=\"true\" aria-invalid=\"false\" value=\"\" type=\"text\" name=\"your-name\" \/><\/span>\n<\/p>\n<p>Apellidos*\n<\/p>\n<p><span class=\"wpcf7-form-control-wrap\" data-name=\"apellidos\"><input size=\"40\" maxlength=\"400\" class=\"wpcf7-form-control wpcf7-text wpcf7-validates-as-required\" aria-required=\"true\" aria-invalid=\"false\" value=\"\" type=\"text\" name=\"apellidos\" \/><\/span>\n<\/p>\n<p>Afiliaci\u00f3n*\n<\/p>\n<p><span class=\"wpcf7-form-control-wrap\" data-name=\"afiliacion\"><input size=\"40\" maxlength=\"400\" class=\"wpcf7-form-control wpcf7-text wpcf7-validates-as-required\" aria-required=\"true\" aria-invalid=\"false\" value=\"\" type=\"text\" name=\"afiliacion\" \/><\/span>\n<\/p>\n<p>Pa\u00eds*\n<\/p>\n<p><span class=\"wpcf7-form-control-wrap\" data-name=\"pais\"><input size=\"40\" maxlength=\"400\" class=\"wpcf7-form-control wpcf7-text wpcf7-validates-as-required\" aria-required=\"true\" aria-invalid=\"false\" value=\"\" type=\"text\" name=\"pais\" \/><\/span>\n<\/p>\n<p>Correo electr\u00f3nico\n<\/p>\n<p><span class=\"wpcf7-form-control-wrap\" data-name=\"your-email\"><input size=\"40\" maxlength=\"400\" class=\"wpcf7-form-control wpcf7-email wpcf7-validates-as-required wpcf7-text wpcf7-validates-as-email\" aria-required=\"true\" aria-invalid=\"false\" value=\"\" type=\"email\" name=\"your-email\" \/><\/span>\n<\/p>\n<p>T\u00edtulo de la comunicaci\u00f3n presentada*\n<\/p>\n<p><span class=\"wpcf7-form-control-wrap\" data-name=\"titulo\"><input size=\"40\" maxlength=\"400\" class=\"wpcf7-form-control wpcf7-text wpcf7-validates-as-required\" aria-required=\"true\" aria-invalid=\"false\" value=\"\" type=\"text\" name=\"titulo\" \/><\/span>\n<\/p>\n<p>Tipo de inscripci\u00f3n en el Congreso*\n<\/p>\n<p><span class=\"wpcf7-form-control-wrap\" data-name=\"tipo\"><select class=\"wpcf7-form-control wpcf7-select wpcf7-validates-as-required\" aria-required=\"true\" aria-invalid=\"false\" name=\"tipo\"><option value=\"Individual\">Individual<\/option><option value=\"Estudiantes (cualquier edad) y J\u00f3venes Profesionales (hasta 35 a\u00f1os o menos a fecha 31\/12\/2026)\">Estudiantes (cualquier edad) y J\u00f3venes Profesionales (hasta 35 a\u00f1os o menos a fecha 31\/12\/2026)<\/option><option value=\"Descuentos especiales (socio institucional o patrono)\">Descuentos especiales (socio institucional o patrono)<\/option><\/select><\/span>\n<\/p>\n<p>\u00bfTe gustar\u00eda participar en la selecci\u00f3n de trabajos para la revista \u201cPapeles de Energ\u00eda\u201d?*\n<\/p>\n<p><span class=\"wpcf7-form-control-wrap\" data-name=\"premios\"><select class=\"wpcf7-form-control wpcf7-select wpcf7-validates-as-required\" aria-required=\"true\" aria-invalid=\"false\" name=\"premios\"><option value=\"Si\">Si<\/option><option value=\"No\">No<\/option><\/select><\/span>\n<\/p>\n<p>Comentarios\n<\/p>\n<p><span class=\"wpcf7-form-control-wrap\" data-name=\"your-message\"><textarea cols=\"40\" rows=\"10\" maxlength=\"2000\" class=\"wpcf7-form-control wpcf7-textarea\" aria-invalid=\"false\" name=\"your-message\"><\/textarea><\/span>\n<\/p>\n<p>Subir Archivo:\n<\/p>\n<p><span class=\"wpcf7-form-control-wrap\" data-name=\"file-517\"><input size=\"40\" class=\"wpcf7-form-control wpcf7-file wpcf7-validates-as-required\" accept=\".pdf\" aria-required=\"true\" aria-invalid=\"false\" type=\"file\" name=\"file-517\" \/><\/span>\n<\/p>\n<p><input class=\"wpcf7-form-control wpcf7-submit has-spinner btn btn-primary\" type=\"submit\" value=\"Enviar\" \/>\n<\/p><div class=\"wpcf7-response-output\" aria-hidden=\"true\"><\/div>\n<\/form>\n<\/div>\n<\/div><\/div> \n\n <div   class=\"ui-column span4\"><div  class=\"ui--space clearfix\" style=\"height: 15px;\" data-responsive=\"{&quot;css&quot;:{&quot;height&quot;:{&quot;phone&quot;:null,&quot;tablet&quot;:null,&quot;widescreen&quot;:&quot;15px&quot;}}}\"><\/div><h3 id=\"custom-title-h3-7\" class=\"ui--animation \" style=\"margin-top: 13px; \">Fechas claves<\/h3><ul class=\"ui--list list-font-icon parent-1\"><li class=\"child-1 total-4 ui--animation\"><i class=\"list-icon 14px fontawesome-check\" style=\"color: #45a3ab !important;\"><\/i><strong style=\"font-size: 18px;\">Plazo de env\u00edo de trabajos extendido hasta el<br>\r\n<span style=\"color: #e5600c;\">18 de marzo<\/span><\/strong><br><\/li><li class=\"child-2 total-4 ui--animation\"><i class=\"list-icon 14px fontawesome-check\" style=\"color: #45a3ab !important;\"><\/i><strong>Notificaci\u00f3n de aceptaciones:<\/strong><br>\r\nDel 4 al 8 de abril<\/li><li class=\"child-3 total-4 ui--animation\"><i class=\"list-icon 14px fontawesome-check\" style=\"color: #45a3ab !important;\"><\/i><strong>\u00daltimo d\u00eda de inscripci\u00f3n en el Congreso:<\/strong><br>\r\n6 de mayo de 2026<\/li><li class=\"child-4 total-4 ui--animation\"><i class=\"list-icon 14px fontawesome-check\" style=\"color: #45a3ab !important;\"><\/i><strong>Celebraci\u00f3n del congreso:<\/strong><br>\r\n27-29 de mayo de 2026<\/li>  <\/ul><div class=\"text-center ui--animation\"><a class=\"btn btn-large btn-icon-left btn-primary\" href=\"#\" style=\"\">Formulario de inscripci\u00f3n<\/a> <\/div><\/div> \n\n<\/div> \n<div  class=\"ui--space clearfix\" style=\"height: 42px;\" data-responsive=\"{&quot;css&quot;:{&quot;height&quot;:{&quot;phone&quot;:null,&quot;tablet&quot;:null,&quot;widescreen&quot;:&quot;42px&quot;}}}\"><\/div>","protected":false},"excerpt":{"rendered":"<p>Desarrollo energ\u00e9tico sostenible: implicaciones socioecon\u00f3micas, medioambientales y geopol\u00edticasPamplona, 27-29 de mayo de 2026La Asociaci\u00f3n Espa\u00f1ola para la Econom\u00eda Energ\u00e9tica (AEEE) tiene el placer de anunciar la celebraci\u00f3n del XXI Congreso Anual, que tendr\u00e1 lugar los d\u00edas 27, 28 y 29 de mayo de 2026 en Pamplona (Navarra). El Congreso est\u00e1 co-organizado por la Universidad de [&hellip;]<\/p>\n","protected":false},"author":3,"featured_media":0,"parent":0,"menu_order":1,"comment_status":"open","ping_status":"closed","template":"","meta":{"footnotes":""},"class_list":["post-523","page","type-page","status-publish","hentry"],"_links":{"self":[{"href":"https:\/\/aeee.es\/xxi_congreso_aeee\/wp-json\/wp\/v2\/pages\/523","targetHints":{"allow":["GET"]}}],"collection":[{"href":"https:\/\/aeee.es\/xxi_congreso_aeee\/wp-json\/wp\/v2\/pages"}],"about":[{"href":"https:\/\/aeee.es\/xxi_congreso_aeee\/wp-json\/wp\/v2\/types\/page"}],"author":[{"embeddable":true,"href":"https:\/\/aeee.es\/xxi_congreso_aeee\/wp-json\/wp\/v2\/users\/3"}],"replies":[{"embeddable":true,"href":"https:\/\/aeee.es\/xxi_congreso_aeee\/wp-json\/wp\/v2\/comments?post=523"}],"version-history":[{"count":62,"href":"https:\/\/aeee.es\/xxi_congreso_aeee\/wp-json\/wp\/v2\/pages\/523\/revisions"}],"predecessor-version":[{"id":2020,"href":"https:\/\/aeee.es\/xxi_congreso_aeee\/wp-json\/wp\/v2\/pages\/523\/revisions\/2020"}],"wp:attachment":[{"href":"https:\/\/aeee.es\/xxi_congreso_aeee\/wp-json\/wp\/v2\/media?parent=523"}],"curies":[{"name":"wp","href":"https:\/\/api.w.org\/{rel}","templated":true}]}}